{"id":28,"date":"2023-03-16T02:36:00","date_gmt":"2023-03-16T02:36:00","guid":{"rendered":"https:\/\/alpim.pt\/?page_id=28"},"modified":"2024-02-01T11:18:27","modified_gmt":"2024-02-01T11:18:27","slug":"empresa","status":"publish","type":"page","link":"http:\/\/alpim.pt\/en\/empresa\/","title":{"rendered":"Company"},"content":{"rendered":"<p>[et_pb_section fb_built=&#8221;1&#8243; disabled_on=&#8221;on|off|off&#8221; _builder_version=&#8221;4.21.0&#8243; _module_preset=&#8221;default&#8221; background_image=&#8221;https:\/\/alpim.pt\/wp-content\/uploads\/2023\/05\/Alpim_020.jpg&#8221; custom_margin=&#8221;0px||0px||false|false&#8221; custom_padding=&#8221;700px||||false|false&#8221; background_last_edited=&#8221;on|desktop&#8221; background_size_phone=&#8221;contain&#8221; background_position_phone=&#8221;top_center&#8221; global_colors_info=&#8221;{}&#8221;][et_pb_row _builder_version=&#8221;4.21.0&#8243; _module_preset=&#8221;default&#8221; width=&#8221;74%&#8221; custom_margin=&#8221;-103px|auto||auto||&#8221; global_colors_info=&#8221;{}&#8221;][et_pb_column type=&#8221;4_4&#8243; _builder_version=&#8221;4.20.2&#8243; _module_preset=&#8221;default&#8221; global_colors_info=&#8221;{}&#8221;][et_pb_text _builder_version=&#8221;4.21.0&#8243; _module_preset=&#8221;default&#8221; text_text_color=&#8221;#FFFFFF&#8221; header_font=&#8221;|||on|||||&#8221; header_text_color=&#8221;#FFFFFF&#8221; header_font_size=&#8221;62px&#8221; header_letter_spacing=&#8221;0.1em&#8221; header_line_height=&#8221;1.2em&#8221; header_2_font=&#8221;|700||on|||||&#8221; header_2_font_size=&#8221;16px&#8221; header_2_letter_spacing=&#8221;6px&#8221; header_2_line_height=&#8221;1.2em&#8221; width=&#8221;117.5%&#8221; custom_margin=&#8221;|-236px||||&#8221; custom_padding=&#8221;|36px||750px||&#8221; header_font_size_tablet=&#8221;60px&#8221; header_font_size_phone=&#8221;40px&#8221; header_font_size_last_edited=&#8221;on|phone&#8221; header_2_font_size_tablet=&#8221;14px&#8221; header_2_font_size_phone=&#8221;12px&#8221; header_2_font_size_last_edited=&#8221;on|phone&#8221; locked=&#8221;off&#8221; global_colors_info=&#8221;{}&#8221;]<\/p>\n<h1 style=\"text-align: right;\">Manuel pinho<\/h1>\n<h2 style=\"text-align: right;\"><span style=\"color: #ffffff;\">Desde 1980<\/span><\/h2>\n<p>[\/et_pb_text][\/et_pb_column][\/et_pb_row][\/et_pb_section][et_pb_section fb_built=&#8221;1&#8243; custom_padding_last_edited=&#8221;on|phone&#8221; disabled_on=&#8221;off|on|on&#8221; _builder_version=&#8221;4.21.0&#8243; _module_preset=&#8221;default&#8221; custom_margin=&#8221;-35px||-35px||true|false&#8221; custom_padding_tablet=&#8221;&#8221; custom_padding_phone=&#8221;53px||53px||true|false&#8221; global_colors_info=&#8221;{}&#8221;][et_pb_row custom_padding_last_edited=&#8221;on|phone&#8221; _builder_version=&#8221;4.21.0&#8243; _module_preset=&#8221;default&#8221; background_image=&#8221;https:\/\/alpim.pt\/wp-content\/uploads\/2023\/05\/Alpim_020-scaled.jpg&#8221; width=&#8221;100%&#8221; custom_margin=&#8221;-12px|auto||auto|false|false&#8221; custom_padding=&#8221;20px||||false|false&#8221; custom_padding_tablet=&#8221;20px||||false|false&#8221; custom_padding_phone=&#8221;120px||120px||true|false&#8221; global_colors_info=&#8221;{}&#8221;][et_pb_column type=&#8221;4_4&#8243; _builder_version=&#8221;4.21.0&#8243; _module_preset=&#8221;default&#8221; global_colors_info=&#8221;{}&#8221;][\/et_pb_column][\/et_pb_row][\/et_pb_section][et_pb_section fb_built=&#8221;1&#8243; _builder_version=&#8221;4.20.2&#8243; _module_preset=&#8221;default&#8221; global_colors_info=&#8221;{}&#8221;][et_pb_row column_structure=&#8221;1_2,1_2&#8243; _builder_version=&#8221;4.16&#8243; _module_preset=&#8221;default&#8221; custom_padding=&#8221;40px|||||&#8221; locked=&#8221;off&#8221; global_colors_info=&#8221;{}&#8221;][et_pb_column type=&#8221;1_2&#8243; _builder_version=&#8221;4.16&#8243; _module_preset=&#8221;default&#8221; global_colors_info=&#8221;{}&#8221;][et_pb_text _builder_version=&#8221;4.24.0&#8243; _module_preset=&#8221;default&#8221; text_font_size=&#8221;16px&#8221; text_line_height=&#8221;2em&#8221; hover_enabled=&#8221;0&#8243; text_font_size_tablet=&#8221;14px&#8221; text_font_size_phone=&#8221;&#8221; text_font_size_last_edited=&#8221;on|phone&#8221; global_colors_info=&#8221;{}&#8221; sticky_enabled=&#8221;0&#8243;]<\/p>\n<p style=\"text-align: left;\"><span style=\"font-size: x-large;\"><strong><span style=\"color: #666666;\"><\/span><\/strong><\/span><\/p>\n<p style=\"text-align: left;\"><span style=\"font-size: x-large;\"><strong><span style=\"color: #666666;\">\u00a0O homem por detr\u00e1s do sonho\u00a0<\/span><\/strong><\/span><\/p>\n<p style=\"text-align: left;\">N\u00e3o se pode falar da ALPIM XXI, sem conhecer a hist\u00f3ria do homem que deu vida a todo este projeto. O Sr. Manuel Pinho, \u00e9 a alma desta empresa e o motor que a faz andar em constante crescimento. Nasceu em terras de sapateiros e artes\u00e3os e o seu destino estava tra\u00e7ado. Juntou-se \u00e0 sua capacidade de fazer acontecer o gosto e a paix\u00e3o pela arte e hoje \u00e9 um dos nomes que se junta \u00e0s listas de grandes empres\u00e1rios de sucesso da regi\u00e3o.A ALPIM \u00e9 hoje aquilo que o Sr. Manuel sonhou em 1980 e tem feito acontecer desde que esta se tornou a sua vida. Iniciou a sua atividade no sector com apenas 12 anos de idade e foi crescendo e absorvendo todo o conhecimento para edificar aquela que conhecemos hoje como ALPIM XXI.<\/p>\n<p style=\"text-align: left;\">Manuel Pinho \u00e9 o nome que traz consigo a dedica\u00e7\u00e3o e a coragem de quem n\u00e3o vira costas a nenhum desafio. \u00c9 na modela\u00e7\u00e3o que o seu cora\u00e7\u00e3o se encontra, mas tamb\u00e9m o podemos encontrar nos diversos postos de produ\u00e7\u00e3o, pois o Sr. Manuel, como \u00e9 conhecido, \u00e9 um de n\u00f3s. E todos os dias trabalha a par dos seus fi\u00e9is colaboradores e est\u00e1 sempre pronto a ajudar, a ensinar e a resolver qualquer que seja o contratempo.<\/p>\n<p style=\"text-align: left;\">Iniciou esta jornada em nome individual e em 1992, com o disparar das exporta\u00e7\u00f5es, tornou a empresa numa sociedade por quotas designada por \u201cAlpim \u2013 F\u00e1brica de Cal\u00e7ados, Lda\u201d. Atualmente a empresa \u00e9 denominada \u201cALPIM XXI \u2013 Cal\u00e7ados, Lda, que mant\u00e9m a atividade de produ\u00e7\u00e3o de cal\u00e7ado e, a par desta, surge a \u201cALPIM \u2013 Investimento e Gest\u00e3o\u201d que passou a gerir todo o patrim\u00f3nio imobili\u00e1rio. Esta mudan\u00e7a fez-se notar na virada do s\u00e9culo e mant\u00e9m-se de saltos firmes.<\/p>\n<p>[\/et_pb_text][\/et_pb_column][et_pb_column type=&#8221;1_2&#8243; _builder_version=&#8221;4.16&#8243; _module_preset=&#8221;default&#8221; global_colors_info=&#8221;{}&#8221;][et_pb_text _builder_version=&#8221;4.20.4&#8243; _module_preset=&#8221;default&#8221; text_font_size=&#8221;16px&#8221; text_line_height=&#8221;2em&#8221; text_font_size_tablet=&#8221;14px&#8221; text_font_size_phone=&#8221;&#8221; text_font_size_last_edited=&#8221;on|phone&#8221; locked=&#8221;off&#8221; global_colors_info=&#8221;{}&#8221;]<\/p>\n<p><span style=\"font-size: x-large;\"><strong><span style=\"color: #666666;\">A evolu\u00e7\u00e3o produtiva da empresa<\/span><\/strong><\/span><\/p>\n<p>A sua evolu\u00e7\u00e3o produtiva, passou pelo fabrico de modelos do tipo Pratik e S.Crispino, mas nos dias de hoje est\u00e1 equipada com uma linha de montagem plana que permite obter modelos com um acabamento de excel\u00eancia.<\/p>\n<p>Deu os seus primeiros passos na conce\u00e7\u00e3o de modelos de crian\u00e7a, uns passinhos pelos de homem. Mas, atualmente, \u00e9 especializada em cal\u00e7ado de senhora, que se multiplica pela linha de produ\u00e7\u00e3o, de alta qualidade, numa gama m\u00e9dia\/alta com grande sentido est\u00e9tico e moda.<\/p>\n<p>Esta\u00e7\u00e3o ap\u00f3s esta\u00e7\u00e3o, os modelos que se fazem desfilar pelas m\u00e3os dos seus colaboradores fazem as del\u00edcias de quem os v\u00ea nascer. A arte de saber-fazer cal\u00e7ado, levou a manufatura ao patamar de excel\u00eancia a que habituamos os nossos clientes.<\/p>\n<p>A ALPIM XXI exporta a maior parte da sua produ\u00e7\u00e3o para mercados de alto valor comercial em moda, como o Franc\u00eas, o Canadiano e o Americano. E apoia os seus clientes no desenvolvimento de novas cole\u00e7\u00f5es, assim como na cria\u00e7\u00e3o de novos projetos ligados \u00e0quela que foi considerada a \u201cind\u00fastria mais sexy da Europa.\u201d<\/p>\n<p>[\/et_pb_text][\/et_pb_column][\/et_pb_row][et_pb_row column_structure=&#8221;1_2,1_2&#8243; _builder_version=&#8221;4.20.2&#8243; _module_preset=&#8221;default&#8221; global_colors_info=&#8221;{}&#8221;][et_pb_column type=&#8221;1_2&#8243; _builder_version=&#8221;4.20.2&#8243; _module_preset=&#8221;default&#8221; global_colors_info=&#8221;{}&#8221;][et_pb_image src=&#8221;https:\/\/alpim.pt\/wp-content\/uploads\/2023\/03\/Screen-Shot-2023-02-08-at-22.30.25.png&#8221; title_text=&#8221;Screen Shot 2023-02-08 at 22.30.25&#8243; _builder_version=&#8221;4.21.0&#8243; _module_preset=&#8221;default&#8221; global_colors_info=&#8221;{}&#8221;][\/et_pb_image][\/et_pb_column][et_pb_column type=&#8221;1_2&#8243; _builder_version=&#8221;4.20.2&#8243; _module_preset=&#8221;default&#8221; global_colors_info=&#8221;{}&#8221;][et_pb_image src=&#8221;https:\/\/alpim.pt\/wp-content\/uploads\/2023\/05\/Alpim_018-1-scaled.jpg&#8221; title_text=&#8221;Alpim_018&#8243; _builder_version=&#8221;4.21.0&#8243; _module_preset=&#8221;default&#8221; global_colors_info=&#8221;{}&#8221;][\/et_pb_image][\/et_pb_column][\/et_pb_row][\/et_pb_section][et_pb_section fb_built=&#8221;1&#8243; _builder_version=&#8221;4.20.2&#8243; _module_preset=&#8221;default&#8221; global_colors_info=&#8221;{}&#8221;][et_pb_row _builder_version=&#8221;4.20.2&#8243; _module_preset=&#8221;default&#8221; global_colors_info=&#8221;{}&#8221;][et_pb_column type=&#8221;4_4&#8243; _builder_version=&#8221;4.20.2&#8243; _module_preset=&#8221;default&#8221; global_colors_info=&#8221;{}&#8221;][et_pb_text _builder_version=&#8221;4.20.2&#8243; _module_preset=&#8221;default&#8221; text_line_height=&#8221;2em&#8221; header_2_font=&#8221;|||on|||||&#8221; header_2_font_size=&#8221;40px&#8221; header_2_letter_spacing=&#8221;0.1em&#8221; header_2_line_height=&#8221;1.2em&#8221; text_orientation=&#8221;center&#8221; custom_margin=&#8221;||36px|||&#8221; header_2_font_size_tablet=&#8221;30px&#8221; header_2_font_size_phone=&#8221;20px&#8221; header_2_font_size_last_edited=&#8221;on|phone&#8221; locked=&#8221;off&#8221; global_colors_info=&#8221;{}&#8221;]<\/p>\n<h2>Miss\u00e3o<\/h2>\n<p>[\/et_pb_text][et_pb_text _builder_version=&#8221;4.20.4&#8243; _module_preset=&#8221;default&#8221; text_font_size=&#8221;16px&#8221; global_colors_info=&#8221;{}&#8221;]<\/p>\n<p style=\"text-align: center;\">\u00c9 nossa miss\u00e3o transformar a mat\u00e9ria-prima em sonhos. Na Alpim a satisfa\u00e7\u00e3o dos seus clientes, s\u00f3cios e colaboradores \u00e9 primordial.<br \/>Produzir sapatos \u00e9 apenas uma parte do processo que visa integrar os clientes nesta casa e convid\u00e1-los a trazer os ingredientes necess\u00e1rios para obter o mais requintado dos modelos. Oferecemos a sabedoria, a t\u00e9cnica e abra\u00e7amos todos os desafios.<\/p>\n<p>[\/et_pb_text][\/et_pb_column][\/et_pb_row][\/et_pb_section][et_pb_section fb_built=&#8221;1&#8243; _builder_version=&#8221;4.20.2&#8243; _module_preset=&#8221;default&#8221; background_color=&#8221;#F3F3F3&#8243; global_colors_info=&#8221;{}&#8221;][et_pb_row column_structure=&#8221;1_5,1_5,1_5,1_5,1_5&#8243; _builder_version=&#8221;4.20.2&#8243; _module_preset=&#8221;default&#8221; global_colors_info=&#8221;{}&#8221;][et_pb_column type=&#8221;1_5&#8243; _builder_version=&#8221;4.20.2&#8243; _module_preset=&#8221;default&#8221; global_colors_info=&#8221;{}&#8221;][et_pb_blurb title=&#8221;Respeito e Igualdade&#8221; use_icon=&#8221;on&#8221; font_icon=&#8221;&#x4e;||divi||400&#8243; icon_color=&#8221;#AC8365&#8243; image_icon_width=&#8221;79px&#8221; _builder_version=&#8221;4.20.2&#8243; _module_preset=&#8221;default&#8221; header_text_align=&#8221;center&#8221; header_letter_spacing=&#8221;3px&#8221; global_colors_info=&#8221;{}&#8221;][\/et_pb_blurb][\/et_pb_column][et_pb_column type=&#8221;1_5&#8243; _builder_version=&#8221;4.20.2&#8243; _module_preset=&#8221;default&#8221; global_colors_info=&#8221;{}&#8221;][et_pb_blurb title=&#8221;Foco no Cliente&#8221; use_icon=&#8221;on&#8221; font_icon=&#8221;&#x4e;||divi||400&#8243; icon_color=&#8221;#AC8365&#8243; image_icon_width=&#8221;79px&#8221; _builder_version=&#8221;4.20.2&#8243; _module_preset=&#8221;default&#8221; header_text_align=&#8221;center&#8221; header_letter_spacing=&#8221;3px&#8221; global_colors_info=&#8221;{}&#8221;][\/et_pb_blurb][\/et_pb_column][et_pb_column type=&#8221;1_5&#8243; _builder_version=&#8221;4.20.2&#8243; _module_preset=&#8221;default&#8221; global_colors_info=&#8221;{}&#8221;][et_pb_blurb title=&#8221;Manufatura de Excel\u00eancia&#8221; use_icon=&#8221;on&#8221; font_icon=&#8221;&#x4e;||divi||400&#8243; icon_color=&#8221;#AC8365&#8243; image_icon_width=&#8221;79px&#8221; _builder_version=&#8221;4.20.2&#8243; _module_preset=&#8221;default&#8221; header_text_align=&#8221;center&#8221; header_letter_spacing=&#8221;3px&#8221; global_colors_info=&#8221;{}&#8221;][\/et_pb_blurb][\/et_pb_column][et_pb_column type=&#8221;1_5&#8243; _builder_version=&#8221;4.20.2&#8243; _module_preset=&#8221;default&#8221; global_colors_info=&#8221;{}&#8221;][et_pb_blurb title=&#8221;Responsabilidade Ambiental&#8221; use_icon=&#8221;on&#8221; font_icon=&#8221;&#x4e;||divi||400&#8243; icon_color=&#8221;#AC8365&#8243; image_icon_width=&#8221;79px&#8221; _builder_version=&#8221;4.20.2&#8243; _module_preset=&#8221;default&#8221; header_text_align=&#8221;center&#8221; header_letter_spacing=&#8221;3px&#8221; custom_margin=&#8221;|-29px||||&#8221; custom_padding=&#8221;|0px||||&#8221; global_colors_info=&#8221;{}&#8221;][\/et_pb_blurb][\/et_pb_column][et_pb_column type=&#8221;1_5&#8243; _builder_version=&#8221;4.20.2&#8243; _module_preset=&#8221;default&#8221; global_colors_info=&#8221;{}&#8221;][et_pb_blurb title=&#8221;Servi\u00e7os de Valor&#8221; use_icon=&#8221;on&#8221; font_icon=&#8221;&#x4e;||divi||400&#8243; icon_color=&#8221;#AC8365&#8243; image_icon_width=&#8221;79px&#8221; _builder_version=&#8221;4.20.2&#8243; _module_preset=&#8221;default&#8221; header_text_align=&#8221;center&#8221; header_letter_spacing=&#8221;3px&#8221; global_colors_info=&#8221;{}&#8221;][\/et_pb_blurb][\/et_pb_column][\/et_pb_row][\/et_pb_section][et_pb_section fb_built=&#8221;1&#8243; admin_label=&#8221;Logos&#8221; _builder_version=&#8221;4.16&#8243; _module_preset=&#8221;default&#8221; custom_padding=&#8221;||67px|||&#8221; locked=&#8221;off&#8221; global_colors_info=&#8221;{}&#8221;][et_pb_row _builder_version=&#8221;4.16&#8243; _module_preset=&#8221;default&#8221; global_colors_info=&#8221;{}&#8221;][et_pb_column type=&#8221;4_4&#8243; _builder_version=&#8221;4.16&#8243; _module_preset=&#8221;default&#8221; global_colors_info=&#8221;{}&#8221;][et_pb_text _builder_version=&#8221;4.20.2&#8243; _module_preset=&#8221;default&#8221; text_line_height=&#8221;2em&#8221; header_2_font=&#8221;|||on|||||&#8221; header_2_font_size=&#8221;40px&#8221; header_2_letter_spacing=&#8221;0.1em&#8221; header_2_line_height=&#8221;1.2em&#8221; text_orientation=&#8221;center&#8221; custom_margin=&#8221;||36px|||&#8221; header_2_font_size_tablet=&#8221;30px&#8221; header_2_font_size_phone=&#8221;20px&#8221; header_2_font_size_last_edited=&#8221;on|phone&#8221; locked=&#8221;off&#8221; global_colors_info=&#8221;{}&#8221;]<\/p>\n<h2>Parceiros<\/h2>\n<p>[\/et_pb_text][et_pb_icon font_icon=&#8221;&#x43;||divi||400&#8243; icon_color=&#8221;#AC8365&#8243; icon_width=&#8221;56px&#8221; _builder_version=&#8221;4.20.2&#8243; _module_preset=&#8221;default&#8221; custom_margin=&#8221;-35px|||||&#8221; global_colors_info=&#8221;{}&#8221;][\/et_pb_icon][\/et_pb_column][\/et_pb_row][et_pb_row column_structure=&#8221;1_3,1_3,1_3&#8243; _builder_version=&#8221;4.20.2&#8243; _module_preset=&#8221;default&#8221; custom_margin=&#8221;-21px|auto||auto||&#8221; custom_padding=&#8221;||0px||false|false&#8221; global_colors_info=&#8221;{}&#8221;][et_pb_column type=&#8221;1_3&#8243; _builder_version=&#8221;4.16&#8243; _module_preset=&#8221;default&#8221; global_colors_info=&#8221;{}&#8221;][et_pb_image src=&#8221;https:\/\/alpim.pt\/wp-content\/uploads\/2023\/03\/Untitled-100-\u00d7-50-px-120-\u00d7-80-px-1.png&#8221; title_text=&#8221;Untitled (100 \u00d7 50 px) (120 \u00d7 80 px) (1)&#8221; url=&#8221;https:\/\/www.ctcp.pt\/&#8221; url_new_window=&#8221;on&#8221; align=&#8221;center&#8221; _builder_version=&#8221;4.20.2&#8243; _module_preset=&#8221;default&#8221; global_colors_info=&#8221;{}&#8221;][\/et_pb_image][\/et_pb_column][et_pb_column type=&#8221;1_3&#8243; _builder_version=&#8221;4.16&#8243; _module_preset=&#8221;default&#8221; global_colors_info=&#8221;{}&#8221;][et_pb_image src=&#8221;https:\/\/alpim.pt\/wp-content\/uploads\/2023\/03\/Untitled-100-\u00d7-50-px-120-\u00d7-80-px-2.png&#8221; title_text=&#8221;Untitled (100 \u00d7 50 px) (120 \u00d7 80 px) (2)&#8221; url=&#8221;https:\/\/www.apiccaps.pt\/&#8221; url_new_window=&#8221;on&#8221; align=&#8221;center&#8221; _builder_version=&#8221;4.20.2&#8243; _module_preset=&#8221;default&#8221; custom_margin=&#8221;||||false|false&#8221; global_colors_info=&#8221;{}&#8221;][\/et_pb_image][\/et_pb_column][et_pb_column type=&#8221;1_3&#8243; _builder_version=&#8221;4.16&#8243; _module_preset=&#8221;default&#8221; global_colors_info=&#8221;{}&#8221;][et_pb_image src=&#8221;https:\/\/alpim.pt\/wp-content\/uploads\/2023\/03\/Untitled-100-\u00d7-50-px-120-\u00d7-80-px.png&#8221; title_text=&#8221;Untitled (100 \u00d7 50 px) (120 \u00d7 80 px)&#8221; url=&#8221;http:\/\/www.cfpic.pt\/index.php&#8221; url_new_window=&#8221;on&#8221; align=&#8221;center&#8221; _builder_version=&#8221;4.20.2&#8243; _module_preset=&#8221;default&#8221; global_colors_info=&#8221;{}&#8221;][\/et_pb_image][\/et_pb_column][\/et_pb_row][\/et_pb_section]<\/p>\n","protected":false},"excerpt":{"rendered":"<p>Manuel pinho Desde 1980 \u00a0O homem por detr\u00e1s do sonho\u00a0 N\u00e3o se pode falar da ALPIM XXI, sem conhecer a hist\u00f3ria do homem que deu vida a todo este projeto. O Sr. Manuel Pinho, \u00e9 a alma desta empresa e o motor que a faz andar em constante crescimento. Nasceu em terras de sapateiros e [&hellip;]<\/p>\n","protected":false},"author":1,"featured_media":0,"parent":0,"menu_order":0,"comment_status":"closed","ping_status":"closed","template":"","meta":{"_et_pb_use_builder":"on","_et_pb_old_content":"","_et_gb_content_width":"","_monsterinsights_skip_tracking":false,"_monsterinsights_sitenote_active":false,"_monsterinsights_sitenote_note":"","_monsterinsights_sitenote_category":0,"footnotes":""},"class_list":["post-28","page","type-page","status-publish","hentry"],"yoast_head":"<!-- This site is optimized with the Yoast SEO plugin v27.5 - https:\/\/yoast.com\/product\/yoast-seo-wordpress\/ -->\n<title>Empresa - Alpim<\/title>\n<meta name=\"description\" content=\"Na Alpim somos especialistas na produ\u00e7\u00e3o de cal\u00e7ado de senhora de alta qualidade e com design diferenciado.\" \/>\n<meta name=\"robots\" content=\"index, follow, max-snippet:-1, max-image-preview:large, max-video-preview:-1\" \/>\n<link rel=\"canonical\" href=\"https:\/\/alpim.pt\/en\/empresa\/\" \/>\n<meta property=\"og:locale\" content=\"en_GB\" \/>\n<meta property=\"og:type\" content=\"article\" \/>\n<meta property=\"og:title\" content=\"Empresa - Alpim\" \/>\n<meta property=\"og:description\" content=\"Na Alpim somos especialistas na produ\u00e7\u00e3o de cal\u00e7ado de senhora de alta qualidade e com design diferenciado.\" \/>\n<meta property=\"og:url\" content=\"https:\/\/alpim.pt\/en\/empresa\/\" \/>\n<meta property=\"og:site_name\" content=\"Alpim\" \/>\n<meta property=\"article:modified_time\" content=\"2024-02-01T11:18:27+00:00\" \/>\n<meta name=\"twitter:card\" content=\"summary_large_image\" \/>\n<meta name=\"twitter:label1\" content=\"Estimated reading time\" \/>\n\t<meta name=\"twitter:data1\" content=\"5 minutes\" \/>\n<script type=\"application\/ld+json\" class=\"yoast-schema-graph\">{\"@context\":\"https:\\\/\\\/schema.org\",\"@graph\":[{\"@type\":\"WebPage\",\"@id\":\"https:\\\/\\\/alpim.pt\\\/en\\\/empresa\\\/\",\"url\":\"https:\\\/\\\/alpim.pt\\\/en\\\/empresa\\\/\",\"name\":\"Empresa - Alpim\",\"isPartOf\":{\"@id\":\"https:\\\/\\\/alpim.pt\\\/en\\\/#website\"},\"datePublished\":\"2023-03-16T02:36:00+00:00\",\"dateModified\":\"2024-02-01T11:18:27+00:00\",\"description\":\"Na Alpim somos especialistas na produ\u00e7\u00e3o de cal\u00e7ado de senhora de alta qualidade e com design diferenciado.\",\"breadcrumb\":{\"@id\":\"https:\\\/\\\/alpim.pt\\\/en\\\/empresa\\\/#breadcrumb\"},\"inLanguage\":\"en-GB\",\"potentialAction\":[{\"@type\":\"ReadAction\",\"target\":[\"https:\\\/\\\/alpim.pt\\\/en\\\/empresa\\\/\"]}]},{\"@type\":\"BreadcrumbList\",\"@id\":\"https:\\\/\\\/alpim.pt\\\/en\\\/empresa\\\/#breadcrumb\",\"itemListElement\":[{\"@type\":\"ListItem\",\"position\":1,\"name\":\"In\u00edcio\",\"item\":\"https:\\\/\\\/alpim.pt\\\/en\\\/\"},{\"@type\":\"ListItem\",\"position\":2,\"name\":\"Empresa\"}]},{\"@type\":\"WebSite\",\"@id\":\"https:\\\/\\\/alpim.pt\\\/en\\\/#website\",\"url\":\"https:\\\/\\\/alpim.pt\\\/en\\\/\",\"name\":\"Alpim\",\"description\":\"Alpim\",\"publisher\":{\"@id\":\"https:\\\/\\\/alpim.pt\\\/en\\\/#organization\"},\"potentialAction\":[{\"@type\":\"SearchAction\",\"target\":{\"@type\":\"EntryPoint\",\"urlTemplate\":\"https:\\\/\\\/alpim.pt\\\/en\\\/?s={search_term_string}\"},\"query-input\":{\"@type\":\"PropertyValueSpecification\",\"valueRequired\":true,\"valueName\":\"search_term_string\"}}],\"inLanguage\":\"en-GB\"},{\"@type\":\"Organization\",\"@id\":\"https:\\\/\\\/alpim.pt\\\/en\\\/#organization\",\"name\":\"Alpim\",\"url\":\"https:\\\/\\\/alpim.pt\\\/en\\\/\",\"logo\":{\"@type\":\"ImageObject\",\"inLanguage\":\"en-GB\",\"@id\":\"https:\\\/\\\/alpim.pt\\\/en\\\/#\\\/schema\\\/logo\\\/image\\\/\",\"url\":\"https:\\\/\\\/alpim.pt\\\/wp-content\\\/uploads\\\/2023\\\/02\\\/Logo-Alpim-05.jpg\",\"contentUrl\":\"https:\\\/\\\/alpim.pt\\\/wp-content\\\/uploads\\\/2023\\\/02\\\/Logo-Alpim-05.jpg\",\"width\":2013,\"height\":521,\"caption\":\"Alpim\"},\"image\":{\"@id\":\"https:\\\/\\\/alpim.pt\\\/en\\\/#\\\/schema\\\/logo\\\/image\\\/\"}}]}<\/script>\n<!-- \/ Yoast SEO plugin. -->","yoast_head_json":{"title":"Empresa - Alpim","description":"Na Alpim somos especialistas na produ\u00e7\u00e3o de cal\u00e7ado de senhora de alta qualidade e com design diferenciado.","robots":{"index":"index","follow":"follow","max-snippet":"max-snippet:-1","max-image-preview":"max-image-preview:large","max-video-preview":"max-video-preview:-1"},"canonical":"https:\/\/alpim.pt\/en\/empresa\/","og_locale":"en_GB","og_type":"article","og_title":"Empresa - Alpim","og_description":"Na Alpim somos especialistas na produ\u00e7\u00e3o de cal\u00e7ado de senhora de alta qualidade e com design diferenciado.","og_url":"https:\/\/alpim.pt\/en\/empresa\/","og_site_name":"Alpim","article_modified_time":"2024-02-01T11:18:27+00:00","twitter_card":"summary_large_image","twitter_misc":{"Estimated reading time":"5 minutes"},"schema":{"@context":"https:\/\/schema.org","@graph":[{"@type":"WebPage","@id":"https:\/\/alpim.pt\/en\/empresa\/","url":"https:\/\/alpim.pt\/en\/empresa\/","name":"Empresa - Alpim","isPartOf":{"@id":"https:\/\/alpim.pt\/en\/#website"},"datePublished":"2023-03-16T02:36:00+00:00","dateModified":"2024-02-01T11:18:27+00:00","description":"Na Alpim somos especialistas na produ\u00e7\u00e3o de cal\u00e7ado de senhora de alta qualidade e com design diferenciado.","breadcrumb":{"@id":"https:\/\/alpim.pt\/en\/empresa\/#breadcrumb"},"inLanguage":"en-GB","potentialAction":[{"@type":"ReadAction","target":["https:\/\/alpim.pt\/en\/empresa\/"]}]},{"@type":"BreadcrumbList","@id":"https:\/\/alpim.pt\/en\/empresa\/#breadcrumb","itemListElement":[{"@type":"ListItem","position":1,"name":"In\u00edcio","item":"https:\/\/alpim.pt\/en\/"},{"@type":"ListItem","position":2,"name":"Empresa"}]},{"@type":"WebSite","@id":"https:\/\/alpim.pt\/en\/#website","url":"https:\/\/alpim.pt\/en\/","name":"Alpim","description":"Alpim","publisher":{"@id":"https:\/\/alpim.pt\/en\/#organization"},"potentialAction":[{"@type":"SearchAction","target":{"@type":"EntryPoint","urlTemplate":"https:\/\/alpim.pt\/en\/?s={search_term_string}"},"query-input":{"@type":"PropertyValueSpecification","valueRequired":true,"valueName":"search_term_string"}}],"inLanguage":"en-GB"},{"@type":"Organization","@id":"https:\/\/alpim.pt\/en\/#organization","name":"Alpim","url":"https:\/\/alpim.pt\/en\/","logo":{"@type":"ImageObject","inLanguage":"en-GB","@id":"https:\/\/alpim.pt\/en\/#\/schema\/logo\/image\/","url":"https:\/\/alpim.pt\/wp-content\/uploads\/2023\/02\/Logo-Alpim-05.jpg","contentUrl":"https:\/\/alpim.pt\/wp-content\/uploads\/2023\/02\/Logo-Alpim-05.jpg","width":2013,"height":521,"caption":"Alpim"},"image":{"@id":"https:\/\/alpim.pt\/en\/#\/schema\/logo\/image\/"}}]}},"_links":{"self":[{"href":"http:\/\/alpim.pt\/en\/wp-json\/wp\/v2\/pages\/28","targetHints":{"allow":["GET"]}}],"collection":[{"href":"http:\/\/alpim.pt\/en\/wp-json\/wp\/v2\/pages"}],"about":[{"href":"http:\/\/alpim.pt\/en\/wp-json\/wp\/v2\/types\/page"}],"author":[{"embeddable":true,"href":"http:\/\/alpim.pt\/en\/wp-json\/wp\/v2\/users\/1"}],"replies":[{"embeddable":true,"href":"http:\/\/alpim.pt\/en\/wp-json\/wp\/v2\/comments?post=28"}],"version-history":[{"count":48,"href":"http:\/\/alpim.pt\/en\/wp-json\/wp\/v2\/pages\/28\/revisions"}],"predecessor-version":[{"id":851,"href":"http:\/\/alpim.pt\/en\/wp-json\/wp\/v2\/pages\/28\/revisions\/851"}],"wp:attachment":[{"href":"http:\/\/alpim.pt\/en\/wp-json\/wp\/v2\/media?parent=28"}],"curies":[{"name":"wp","href":"https:\/\/api.w.org\/{rel}","templated":true}]}}